{"id":54,"date":"2019-08-29T14:41:29","date_gmt":"2019-08-29T14:41:29","guid":{"rendered":"http:\/\/besekull.sunfarm.se\/?page_id=54"},"modified":"2025-10-08T17:55:21","modified_gmt":"2025-10-08T17:55:21","slug":"hem-2","status":"publish","type":"page","link":"https:\/\/besekull.se\/hem\/","title":{"rendered":"\u00a0&nbsp;"},"content":{"rendered":"\n<p><strong>V\u00e4lkommen till Besekull Konferens &amp; Utveckling<\/strong><\/p>\n\n\n\n<p><strong>H\u00f6r av dig f\u00f6r att dela tankar om olika l\u00f6sningar som skulle kunna tj\u00e4na dig och din situation. <\/strong><\/p>\n\n\n\n<p><\/p>\n\n\n\n<p><strong>Det \u00f6ppna programmet &#8221;Fr\u00e5n chef till ledare&#8221;<\/strong> som g\u00e5r under ca 3 m\u00e5nader inkluderande 2 dagar handledning i grupp p\u00e5 egna situationer som ledare. Detta program har g\u00e5tt under m\u00e5nga \u00e5r och \u00e4r v\u00e4ldigt uppskattat. Programmet ger mycket relationskunskap f\u00f6r hela livet. Program arrangeras med anpassning utifr\u00e5n efterfr\u00e5gan.<\/p>\n\n\n\n<p>\u00d6kad m\u00e4nniskokunskap bidrar till \u00f6kad frihet och st\u00f6rre handlingsutrymme i alla livssituationer. S\u00e4rskilt i chefs- och ledarrollen \u00e4r dessa kunskaper v\u00e4rdefulla, d\u00e5 vi \u00e4r i sammanhang d\u00e4r vi ska samarbeta med andra<\/p>\n\n\n\n<p><strong>&#8221;Alla kan m\u00e5la&#8221;<\/strong> &#8211; \u00f6ppet program med anm\u00e4lan. Ett program d\u00e4r principer inom konstens v\u00e4rld speglas i livets processer och medvetenheten f\u00f6rst\u00e4rks. Olika steg genomf\u00f6rs  under under november\/december 2025. V\u00e4gledande principer fr\u00e5n de olika stegen i Vedic Art och med inspiration av abstract m\u00e5leri av Hilma af Klint. <\/p>\n\n\n\n<p><\/p>\n\n\n\n<p><strong>Stuga och lokal att hyra<\/strong> &#8211;  1 eller 2 stugor\/ 2 rok vardera och\/eller stora konferenslokalen med 3 sovrum med 5 b\u00e4ddar. Totalt arrangemang kan ordnas med 12 b\u00e4ddar<\/p>\n\n\n\n<p><\/p>\n\n\n\n<p><\/p>\n\n\n\n<p class=\"has-small-font-size\"><em><strong><a href=\"?page_id=44\">Kontakta mig f\u00f6r anm\u00e4lan och mer info&#8230; <\/a><\/strong><\/em><\/p>\n","protected":false},"excerpt":{"rendered":"<p>V\u00e4lkommen till Besekull Konferens &amp; Utveckling H\u00f6r av dig f\u00f6r att dela tankar om olika l\u00f6sningar som skulle kunna tj\u00e4na dig och din situation. Det \u00f6ppna programmet &#8221;Fr\u00e5n chef till ledare&#8221; som g\u00e5r under ca 3 m\u00e5nader inkluderande 2 dagar &hellip; <a href=\"https:\/\/besekull.se\/hem\/\">Forts\u00e4tt l\u00e4sa <span class=\"meta-nav\">&rarr;<\/span><\/a> <a href=\"https:\/\/besekull.se\/hem\/\">Forts\u00e4tt l\u00e4sa <span class=\"meta-nav\">&rarr;<\/span><\/a><\/p>\n","protected":false},"author":1,"featured_media":0,"parent":0,"menu_order":0,"comment_status":"closed","ping_status":"closed","template":"","meta":{"footnotes":""},"class_list":["post-54","page","type-page","status-publish","hentry"],"_links":{"self":[{"href":"https:\/\/besekull.se\/hem\/wp-json\/wp\/v2\/pages\/54","targetHints":{"allow":["GET"]}}],"collection":[{"href":"https:\/\/besekull.se\/hem\/wp-json\/wp\/v2\/pages"}],"about":[{"href":"https:\/\/besekull.se\/hem\/wp-json\/wp\/v2\/types\/page"}],"author":[{"embeddable":true,"href":"https:\/\/besekull.se\/hem\/wp-json\/wp\/v2\/users\/1"}],"replies":[{"embeddable":true,"href":"https:\/\/besekull.se\/hem\/wp-json\/wp\/v2\/comments?post=54"}],"version-history":[{"count":39,"href":"https:\/\/besekull.se\/hem\/wp-json\/wp\/v2\/pages\/54\/revisions"}],"predecessor-version":[{"id":667,"href":"https:\/\/besekull.se\/hem\/wp-json\/wp\/v2\/pages\/54\/revisions\/667"}],"wp:attachment":[{"href":"https:\/\/besekull.se\/hem\/wp-json\/wp\/v2\/media?parent=54"}],"curies":[{"name":"wp","href":"https:\/\/api.w.org\/{rel}","templated":true}]}}